{"id":602,"date":"2020-10-06T22:42:53","date_gmt":"2020-10-07T01:42:53","guid":{"rendered":"https:\/\/caritaslondrina.com.br\/dese2\/?page_id=602"},"modified":"2020-10-13T18:52:23","modified_gmt":"2020-10-13T21:52:23","slug":"decada-de-1970","status":"publish","type":"page","link":"https:\/\/caritaslondrina.com.br\/dese2\/decada-de-1970\/","title":{"rendered":"1970-1979"},"content":{"rendered":"\n<p><strong>Campanha da Fraternidade 1970<\/strong><br><strong>Tema:<\/strong> Participa\u00e7\u00e3o<br><strong>Lema:<\/strong> Ser crist\u00e3o \u00e9 participar<\/p>\n\n\n\n<p><strong>Campanha da Fraternidade 1971<\/strong><br><strong>Tema:<\/strong> Reconcilia\u00e7\u00e3o<br><strong>Lema:<\/strong> Reconciliar<\/p>\n\n\n\n<p><strong>Campanha da Fraternidade 1972<\/strong><br><strong>Tema:<\/strong> Servi\u00e7o e voca\u00e7\u00e3o<br><strong>Lema:<\/strong> Descubra a felicidade de servir<\/p>\n\n\n\n<p><strong>Campanha da Fraternidade 1973<\/strong><br><strong>Tema:<\/strong> Fraternidade e Liberta\u00e7\u00e3o<br><strong>Lema:<\/strong> O ego\u00edsmo escraviza, o amor liberta<\/p>\n\n\n\n<p><strong>Campanha da Fraternidade 1974<\/strong><br><strong>Tema:<\/strong> Reconstruir a vida<br><strong>Lema:<\/strong> Onde est\u00e1 teu irm\u00e3o?<\/p>\n\n\n\n<p><strong>Campanha da Fraternidade 1975<\/strong><br><strong>Tema:<\/strong> Fraternidade \u00e9 Repartir<br><strong>Lema:<\/strong> Repartir o p\u00e3o<\/p>\n\n\n\n<p><strong>Campanha da Fraternidade 1976<\/strong><br><strong>Tema:<\/strong> Fraternidade e Comunidade<br><strong>Lema:<\/strong> Caminhar juntos<\/p>\n\n\n\n<p><strong>Campanha da Fraternidade 1977<\/strong><br><strong>Tema:<\/strong> Fraternidade na Fam\u00edlia<br><strong>Lema:<\/strong> Comece em sua casa<\/p>\n\n\n\n<p><strong>Campanha da Fraternidade 1978<\/strong><br><strong>Tema:<\/strong> Fraternidade no Mundo do Trabalho<br><strong>Lema:<\/strong> Trabalho e Justi\u00e7a para todos<\/p>\n\n\n\n<p><strong>Campanha da Fraternidade 1979<\/strong><br><strong>Tema:<\/strong> Por um mundo mais Humano<br><strong>Lema:<\/strong> Preserve o que \u00e9 de todos<\/p>\n\n\n\n<div class=\"wp-block-group\"><div class=\"wp-block-group__inner-container is-layout-flow wp-block-group-is-layout-flow\">\n<figure class=\"wp-block-gallery columns-3 is-cropped wp-block-gallery-1\"><ul class=\"blocks-gallery-grid\"><li class=\"blocks-gallery-item\"><figure><img fetchpriority=\"high\" decoding=\"async\" width=\"350\" height=\"438\" src=\"https:\/\/caritaslondrina.com.br\/dese2\/wp-content\/uploads\/2020\/10\/1970.jpg\" alt=\"\" data-id=\"649\" data-full-url=\"https:\/\/caritaslondrina.com.br\/dese2\/wp-content\/uploads\/2020\/10\/1970.jpg\" data-link=\"https:\/\/caritaslondrina.com.br\/dese2\/decada-de-1970\/attachment\/1970\/\" class=\"wp-image-649\" srcset=\"https:\/\/caritaslondrina.com.br\/dese2\/wp-content\/uploads\/2020\/10\/1970.jpg 350w, https:\/\/caritaslondrina.com.br\/dese2\/wp-content\/uploads\/2020\/10\/1970-240x300.jpg 240w\" sizes=\"(max-width: 350px) 100vw, 350px\" \/><figcaption class=\"blocks-gallery-item__caption\">CF &#8211; 1970<\/figcaption><\/figure><\/li><li class=\"blocks-gallery-item\"><figure><img decoding=\"async\" width=\"350\" height=\"438\" src=\"https:\/\/caritaslondrina.com.br\/dese2\/wp-content\/uploads\/2020\/10\/1971.jpg\" alt=\"\" data-id=\"650\" data-full-url=\"https:\/\/caritaslondrina.com.br\/dese2\/wp-content\/uploads\/2020\/10\/1971.jpg\" data-link=\"https:\/\/caritaslondrina.com.br\/dese2\/decada-de-1970\/attachment\/1971\/\" class=\"wp-image-650\" srcset=\"https:\/\/caritaslondrina.com.br\/dese2\/wp-content\/uploads\/2020\/10\/1971.jpg 350w, https:\/\/caritaslondrina.com.br\/dese2\/wp-content\/uploads\/2020\/10\/1971-240x300.jpg 240w\" sizes=\"(max-width: 350px) 100vw, 350px\" \/><figcaption class=\"blocks-gallery-item__caption\">CF &#8211; 1971<\/figcaption><\/figure><\/li><li class=\"blocks-gallery-item\"><figure><img decoding=\"async\" width=\"350\" height=\"438\" src=\"https:\/\/caritaslondrina.com.br\/dese2\/wp-content\/uploads\/2020\/10\/1972.jpg\" alt=\"\" data-id=\"651\" data-full-url=\"https:\/\/caritaslondrina.com.br\/dese2\/wp-content\/uploads\/2020\/10\/1972.jpg\" data-link=\"https:\/\/caritaslondrina.com.br\/dese2\/decada-de-1970\/attachment\/1972\/\" class=\"wp-image-651\" srcset=\"https:\/\/caritaslondrina.com.br\/dese2\/wp-content\/uploads\/2020\/10\/1972.jpg 350w, https:\/\/caritaslondrina.com.br\/dese2\/wp-content\/uploads\/2020\/10\/1972-240x300.jpg 240w\" sizes=\"(max-width: 350px) 100vw, 350px\" \/><figcaption class=\"blocks-gallery-item__caption\">CF &#8211; 1972<\/figcaption><\/figure><\/li><li class=\"blocks-gallery-item\"><figure><img loading=\"lazy\" decoding=\"async\" width=\"350\" height=\"438\" src=\"https:\/\/caritaslondrina.com.br\/dese2\/wp-content\/uploads\/2020\/10\/1973.jpg\" alt=\"\" data-id=\"652\" data-full-url=\"https:\/\/caritaslondrina.com.br\/dese2\/wp-content\/uploads\/2020\/10\/1973.jpg\" data-link=\"https:\/\/caritaslondrina.com.br\/dese2\/decada-de-1970\/attachment\/1973\/\" class=\"wp-image-652\" srcset=\"https:\/\/caritaslondrina.com.br\/dese2\/wp-content\/uploads\/2020\/10\/1973.jpg 350w, https:\/\/caritaslondrina.com.br\/dese2\/wp-content\/uploads\/2020\/10\/1973-240x300.jpg 240w\" sizes=\"(max-width: 350px) 100vw, 350px\" \/><figcaption class=\"blocks-gallery-item__caption\">CF &#8211; 1973<\/figcaption><\/figure><\/li><li class=\"blocks-gallery-item\"><figure><img loading=\"lazy\" decoding=\"async\" width=\"350\" height=\"438\" src=\"https:\/\/caritaslondrina.com.br\/dese2\/wp-content\/uploads\/2020\/10\/1974.jpg\" alt=\"\" data-id=\"653\" data-full-url=\"https:\/\/caritaslondrina.com.br\/dese2\/wp-content\/uploads\/2020\/10\/1974.jpg\" data-link=\"https:\/\/caritaslondrina.com.br\/dese2\/decada-de-1970\/attachment\/1974\/\" class=\"wp-image-653\" srcset=\"https:\/\/caritaslondrina.com.br\/dese2\/wp-content\/uploads\/2020\/10\/1974.jpg 350w, https:\/\/caritaslondrina.com.br\/dese2\/wp-content\/uploads\/2020\/10\/1974-240x300.jpg 240w\" sizes=\"(max-width: 350px) 100vw, 350px\" \/><figcaption class=\"blocks-gallery-item__caption\">CF &#8211; 1974<\/figcaption><\/figure><\/li><li class=\"blocks-gallery-item\"><figure><img loading=\"lazy\" decoding=\"async\" width=\"350\" height=\"438\" src=\"https:\/\/caritaslondrina.com.br\/dese2\/wp-content\/uploads\/2020\/10\/1975.jpg\" alt=\"\" data-id=\"654\" data-full-url=\"https:\/\/caritaslondrina.com.br\/dese2\/wp-content\/uploads\/2020\/10\/1975.jpg\" data-link=\"https:\/\/caritaslondrina.com.br\/dese2\/decada-de-1970\/attachment\/1975\/\" class=\"wp-image-654\" srcset=\"https:\/\/caritaslondrina.com.br\/dese2\/wp-content\/uploads\/2020\/10\/1975.jpg 350w, https:\/\/caritaslondrina.com.br\/dese2\/wp-content\/uploads\/2020\/10\/1975-240x300.jpg 240w\" sizes=\"(max-width: 350px) 100vw, 350px\" \/><figcaption class=\"blocks-gallery-item__caption\">CF &#8211; 1975<\/figcaption><\/figure><\/li><li class=\"blocks-gallery-item\"><figure><img loading=\"lazy\" decoding=\"async\" width=\"350\" height=\"438\" src=\"https:\/\/caritaslondrina.com.br\/dese2\/wp-content\/uploads\/2020\/10\/1976.jpg\" alt=\"\" data-id=\"655\" data-full-url=\"https:\/\/caritaslondrina.com.br\/dese2\/wp-content\/uploads\/2020\/10\/1976.jpg\" data-link=\"https:\/\/caritaslondrina.com.br\/dese2\/decada-de-1970\/attachment\/1976\/\" class=\"wp-image-655\" srcset=\"https:\/\/caritaslondrina.com.br\/dese2\/wp-content\/uploads\/2020\/10\/1976.jpg 350w, https:\/\/caritaslondrina.com.br\/dese2\/wp-content\/uploads\/2020\/10\/1976-240x300.jpg 240w\" sizes=\"(max-width: 350px) 100vw, 350px\" \/><figcaption class=\"blocks-gallery-item__caption\">CF &#8211; 1976<\/figcaption><\/figure><\/li><li class=\"blocks-gallery-item\"><figure><img loading=\"lazy\" decoding=\"async\" width=\"350\" height=\"438\" src=\"https:\/\/caritaslondrina.com.br\/dese2\/wp-content\/uploads\/2020\/10\/1977.jpg\" alt=\"\" data-id=\"656\" data-full-url=\"https:\/\/caritaslondrina.com.br\/dese2\/wp-content\/uploads\/2020\/10\/1977.jpg\" data-link=\"https:\/\/caritaslondrina.com.br\/dese2\/decada-de-1970\/attachment\/1977\/\" class=\"wp-image-656\" srcset=\"https:\/\/caritaslondrina.com.br\/dese2\/wp-content\/uploads\/2020\/10\/1977.jpg 350w, https:\/\/caritaslondrina.com.br\/dese2\/wp-content\/uploads\/2020\/10\/1977-240x300.jpg 240w\" sizes=\"(max-width: 350px) 100vw, 350px\" \/><figcaption class=\"blocks-gallery-item__caption\">CF &#8211; 1977<\/figcaption><\/figure><\/li><li class=\"blocks-gallery-item\"><figure><img loading=\"lazy\" decoding=\"async\" width=\"350\" height=\"438\" src=\"https:\/\/caritaslondrina.com.br\/dese2\/wp-content\/uploads\/2020\/10\/1978.jpg\" alt=\"\" data-id=\"657\" data-full-url=\"https:\/\/caritaslondrina.com.br\/dese2\/wp-content\/uploads\/2020\/10\/1978.jpg\" data-link=\"https:\/\/caritaslondrina.com.br\/dese2\/decada-de-1970\/attachment\/1978\/\" class=\"wp-image-657\" srcset=\"https:\/\/caritaslondrina.com.br\/dese2\/wp-content\/uploads\/2020\/10\/1978.jpg 350w, https:\/\/caritaslondrina.com.br\/dese2\/wp-content\/uploads\/2020\/10\/1978-240x300.jpg 240w\" sizes=\"(max-width: 350px) 100vw, 350px\" \/><figcaption class=\"blocks-gallery-item__caption\">CF &#8211; 1978<\/figcaption><\/figure><\/li><li class=\"blocks-gallery-item\"><figure><img loading=\"lazy\" decoding=\"async\" width=\"350\" height=\"438\" src=\"https:\/\/caritaslondrina.com.br\/dese2\/wp-content\/uploads\/2020\/10\/1979.jpg\" alt=\"\" data-id=\"658\" data-full-url=\"https:\/\/caritaslondrina.com.br\/dese2\/wp-content\/uploads\/2020\/10\/1979.jpg\" data-link=\"https:\/\/caritaslondrina.com.br\/dese2\/decada-de-1970\/attachment\/1979\/\" class=\"wp-image-658\" srcset=\"https:\/\/caritaslondrina.com.br\/dese2\/wp-content\/uploads\/2020\/10\/1979.jpg 350w, https:\/\/caritaslondrina.com.br\/dese2\/wp-content\/uploads\/2020\/10\/1979-240x300.jpg 240w\" sizes=\"(max-width: 350px) 100vw, 350px\" \/><figcaption class=\"blocks-gallery-item__caption\">CF &#8211; 1979<\/figcaption><\/figure><\/li><\/ul><figcaption class=\"blocks-gallery-caption is-layout-flex wp-block-gallery-is-layout-flex\">Banners das Campanhas da Fraternidade de 1970 \u00e0 1979\/Reprodu\u00e7\u00e3o CNBB<\/figcaption><\/figure>\n<\/div><\/div>\n","protected":false},"excerpt":{"rendered":"<p>Campanha da Fraternidade 1970Tema: Participa\u00e7\u00e3oLema: Ser crist\u00e3o \u00e9 participar Campanha da Fraternidade 1971Tema: Reconcilia\u00e7\u00e3oLema: Reconciliar Campanha da Fraternidade 1972Tema: Servi\u00e7o e voca\u00e7\u00e3oLema: Descubra a felicidade de servir Campanha da Fraternidade 1973Tema: Fraternidade e Liberta\u00e7\u00e3oLema: O ego\u00edsmo escraviza, o amor liberta Campanha da Fraternidade 1974Tema: Reconstruir a vidaLema: Onde est\u00e1 teu irm\u00e3o? Campanha da Fraternidade 1975Tema: &hellip;<\/p>\n<p class=\"read-more\"> <a class=\"\" href=\"https:\/\/caritaslondrina.com.br\/dese2\/decada-de-1970\/\"> <span class=\"screen-reader-text\">1970-1979<\/span> Leia mais &raquo;<\/a><\/p>\n","protected":false},"author":4,"featured_media":0,"parent":0,"menu_order":0,"comment_status":"closed","ping_status":"closed","template":"","meta":{"_coblocks_attr":"","_coblocks_dimensions":"","_coblocks_responsive_height":"","_coblocks_accordion_ie_support":"","_uag_custom_page_level_css":"","advgb_blocks_editor_width":"","advgb_blocks_columns_visual_guide":"","_mi_skip_tracking":false,"_monsterinsights_sitenote_active":false,"_monsterinsights_sitenote_note":"","_monsterinsights_sitenote_category":0,"site-sidebar-layout":"default","site-content-layout":"default","ast-global-header-display":"","ast-banner-title-visibility":"","ast-main-header-display":"","ast-hfb-above-header-display":"","ast-hfb-below-header-display":"","ast-hfb-mobile-header-display":"","site-post-title":"","ast-breadcrumbs-content":"","ast-featured-img":"","footer-sml-layout":"","theme-transparent-header-meta":"default","adv-header-id-meta":"","stick-header-meta":"","header-above-stick-meta":"","header-main-stick-meta":"","header-below-stick-meta":"","footnotes":""},"class_list":["post-602","page","type-page","status-publish","hentry"],"uagb_featured_image_src":{"full":false,"thumbnail":false,"medium":false,"medium_large":false,"large":false,"1536x1536":false,"2048x2048":false},"uagb_author_info":{"display_name":"Fellipe Tereska","author_link":"https:\/\/caritaslondrina.com.br\/dese2\/author\/fellipe-tereska\/"},"uagb_comment_info":0,"uagb_excerpt":"Campanha da Fraternidade 1970Tema: Participa\u00e7\u00e3oLema: Ser crist\u00e3o \u00e9 participar Campanha da Fraternidade 1971Tema: Reconcilia\u00e7\u00e3oLema: Reconciliar Campanha da Fraternidade 1972Tema: Servi\u00e7o e voca\u00e7\u00e3oLema: Descubra a felicidade de servir Campanha da Fraternidade 1973Tema: Fraternidade e Liberta\u00e7\u00e3oLema: O ego\u00edsmo escraviza, o amor liberta Campanha da Fraternidade 1974Tema: Reconstruir a vidaLema: Onde est\u00e1 teu irm\u00e3o? Campanha da Fraternidade 1975Tema:&hellip;","coauthors":[],"author_meta":{"author_link":"https:\/\/caritaslondrina.com.br\/dese2\/author\/fellipe-tereska\/","display_name":"Fellipe Tereska"},"relative_dates":{"created":"Publicado 6 anos atr\u00e1s","modified":"Atualizado 6 anos atr\u00e1s"},"absolute_dates":{"created":"Publicado em 6 de outubro de 2020","modified":"Atualizado em 13 de outubro de 2020"},"absolute_dates_time":{"created":"Publicado em 6 de outubro de 2020 10:42 pm","modified":"Atualizado em 13 de outubro de 2020 6:52 pm"},"featured_img_caption":"","featured_img":false,"series_order":"","_links":{"self":[{"href":"https:\/\/caritaslondrina.com.br\/dese2\/wp-json\/wp\/v2\/pages\/602","targetHints":{"allow":["GET"]}}],"collection":[{"href":"https:\/\/caritaslondrina.com.br\/dese2\/wp-json\/wp\/v2\/pages"}],"about":[{"href":"https:\/\/caritaslondrina.com.br\/dese2\/wp-json\/wp\/v2\/types\/page"}],"author":[{"embeddable":true,"href":"https:\/\/caritaslondrina.com.br\/dese2\/wp-json\/wp\/v2\/users\/4"}],"replies":[{"embeddable":true,"href":"https:\/\/caritaslondrina.com.br\/dese2\/wp-json\/wp\/v2\/comments?post=602"}],"version-history":[{"count":5,"href":"https:\/\/caritaslondrina.com.br\/dese2\/wp-json\/wp\/v2\/pages\/602\/revisions"}],"predecessor-version":[{"id":660,"href":"https:\/\/caritaslondrina.com.br\/dese2\/wp-json\/wp\/v2\/pages\/602\/revisions\/660"}],"wp:attachment":[{"href":"https:\/\/caritaslondrina.com.br\/dese2\/wp-json\/wp\/v2\/media?parent=602"}],"curies":[{"name":"wp","href":"https:\/\/api.w.org\/{rel}","templated":true}]}}